{"id":1185,"date":"2018-05-07T07:21:37","date_gmt":"2018-05-07T05:21:37","guid":{"rendered":"http:\/\/gretnagreen.elated-themes.com\/?page_id=1185"},"modified":"2025-12-09T13:41:00","modified_gmt":"2025-12-09T12:41:00","slug":"prezzi-e-prenotazioni","status":"publish","type":"page","link":"https:\/\/www.montestigliano.com\/it\/prezzi-e-prenotazioni\/","title":{"rendered":"Prezzi e Prenotazioni"},"content":{"rendered":"<p>[vc_row css=&#8221;.vc_custom_1587375347644{padding-top: 50px !important;padding-bottom: 50px !important;}&#8221;][vc_column][vc_empty_space height=&#8221;80px&#8221;]<div class=\"eltdf-section-title-holder  eltdf-st-standard eltdf-st-alignleft  \" style=\"text-align: left\">\r\n\t<div class=\"eltdf-st-inner\">\r\n\t\t\t\t\t<h3 class=\"eltdf-st-title\" >\r\n\t\t\t\tControlla disponibilit\u00e0\t\t\t<\/h3>\r\n\t\t        \t\t\t<\/div>\r\n<\/div>[vc_empty_space height=&#8221;60px&#8221;][vc_column_text]<div id=\"mlWrapper\"><\/div>\r\n<script>\r\n    jQuery.mlBookingForm({\r\n    apikey: \"O84XiM4XHJ\", \/\/ apikey MediaLab\r\n    language: \"it\",  \/\/ languange for the booking site (it, en or de)\r\n    wrapper: '#mlWrapper', \/\/ jQuery selector of element where append the widget, default 'body'. The element must be one, otherwise it will be taken only the first.    \r\n    dateFormat: \"DD\/MM\/YYYY\", \/\/ DD=day of month, MM=month, YYYY=year\r\n    arrival: \"29\/10\/2020\", \/\/ initial arrival date (formatted as dateFormat)\r\n    departure: \"05\/11\/2020\", \/\/ initial departure date (formatted as dateFormat)\r\n    pax: true, \/\/ enable pax composition\r\n    defaultPax: 2, \/\/ default pax number\r\n    childs: false, \/\/ enable childs configuration\r\n    minPax: 2, \/\/ min value Adults combo, if null sets combo to 1 \r\n    maxPax: 13, \/\/ max value Adults combo\r\n    minDays: 3, \/\/ minimum stay in nights\r\n    defaultDays: 7, \/\/ default stay in nights\r\n    defaultGroup: null, \/\/ default accomodation (RealGroupID)\r\n    daysOfWeekDisabled: [], \/\/Sunday = 0, Monday = 1, Tuesday = 2, Wednesday = 3, Thursday = 4, Friday = 5, Saturday = 6 (ex. [0, 6])\r\n                            \/\/*** TO USE THIS PROPERTY SET 'null' arrival and departure ***\r\n    style: {\r\n        buttonBg: \"#c00\", \/\/ toggle button background color\r\n        buttonColor: \"#fff\", \/\/ toggle button text color\r\n        submitBg: \"#33AD33\", \/\/ submit button background color\r\n        submitColor: \"#fff\" \/\/ submit button text color\r\n    },    \r\n    label: { \/\/ custom label\r\n        checkIn: \"Arrivo\",\r\n        checkOut: \"Partenza\",\r\n        pax: \"Adulti\",\r\n        childs: \"Bambini\",\r\n        age: \"Et\u00e0\",\r\n        send: \"Prenota\",\r\n        buttonText: \"BOOK NOW\"\r\n    },\r\n    customClass: { \/\/ set custom class for the elements\r\n        mainWrapper: 'row', \/\/ for example 'row' for bootstrap responsivity\r\n        fromWrapper: 'col-md-4', \/\/ for example 'col-md-4' for bootstrap responsivity\r\n        toWrapper: 'col-md-4', \/\/ for example 'col-md-4' for bootstrap responsivity\r\n        paxWrapper: 'col-md-2', \/\/ for example 'col-md-2' for bootstrap responsivity\r\n        submitWrapper: 'col-md-2' \/\/ for example 'col-md-2' for bootstrap responsivity\r\n    }\r\n});\r\n<\/script>[\/vc_column_text][vc_empty_space height=&#8221;50px&#8221;][\/vc_column][\/vc_row][vc_row css=&#8221;.vc_custom_1587376292138{padding-bottom: 50px !important;}&#8221;][vc_column][vc_column_text]<\/p>\n<div class=\"row\">\n<div class=\"col-md-12 mb30\">\n<h4 class=\"submaintitle\" style=\"text-align: justify;\">TASSA DI SOGGIORNO<\/h4>\n<p style=\"text-align: justify;\">Vi informiamo che a partire dal 1 maggio 2013, il Comune di Sovicille ha introdotto una tassa di soggiorno. La tassa si applica ai non residenti per un massimo di 6 notti consecutive, tutto l&#8217;anno. La misura dell&#8217;imposta per questa struttura ricettiva \u00e8 di Euro 1,50 a persona per notte.<\/p>\n<p><strong>La Tassa di soggiorno non si applica a:<\/strong><br \/>\n&#8211; bambini (fino a 12 anni<\/p>\n<\/div>\n<\/div>\n<div class=\"row\" style=\"text-align: justify;\">\n<h4 class=\"submaintitle\">STAGIONI 2026<\/h4>\n<p><strong>BASSA STAGIONE:<\/strong><\/p>\n<table dir=\"ltr\" style=\"width: 13.4378%; height: 30px;\" border=\"1\" cellspacing=\"0\" cellpadding=\"0\" data-sheets-root=\"1\" data-sheets-baot=\"1\">\n<colgroup>\n<col width=\"145\" \/>\n<col width=\"100\" \/>\n<col width=\"100\" \/>\n<col width=\"185\" \/>\n<col width=\"119\" \/>\n<col width=\"119\" \/>\n<col width=\"106\" \/>\n<col width=\"105\" \/>\n<col width=\"112\" \/><\/colgroup>\n<tbody>\n<tr>\n<td style=\"width: 1.82815%; text-align: center;\" colspan=\"9\" rowspan=\"1\">\u00a007\/03 \u2013 18\/04 ; 26\/09 \u2013 28\/11<\/td>\n<\/tr>\n<\/tbody>\n<\/table>\n<p><strong>MEDIA STAGIONE:\u00a0<\/strong><\/p>\n<table dir=\"ltr\" style=\"width: 13.3724%; height: 20px;\" border=\"1\" cellspacing=\"0\" cellpadding=\"0\" data-sheets-root=\"1\" data-sheets-baot=\"1\">\n<colgroup>\n<col width=\"145\" \/>\n<col width=\"100\" \/>\n<col width=\"100\" \/>\n<col width=\"185\" \/>\n<col width=\"119\" \/>\n<col width=\"119\" \/>\n<col width=\"106\" \/>\n<col width=\"105\" \/>\n<col width=\"112\" \/><\/colgroup>\n<tbody>\n<tr>\n<td style=\"text-align: center;\" colspan=\"9\" rowspan=\"1\">18\/04 \u2013 13\/06 ; 05\/09 \u2013 26\/09<\/td>\n<\/tr>\n<\/tbody>\n<\/table>\n<p><strong>ALTA STAGIONE:<\/strong><\/p>\n<table dir=\"ltr\" style=\"width: 13.1635%; height: 10px;\" border=\"1\" cellspacing=\"0\" cellpadding=\"0\" data-sheets-root=\"1\" data-sheets-baot=\"1\">\n<colgroup>\n<col width=\"145\" \/>\n<col width=\"100\" \/>\n<col width=\"100\" \/>\n<col width=\"185\" \/>\n<col width=\"119\" \/>\n<col width=\"119\" \/>\n<col width=\"106\" \/>\n<col width=\"105\" \/>\n<col width=\"112\" \/><\/colgroup>\n<tbody>\n<tr style=\"height: 26px;\">\n<td style=\"height: 26px;\" colspan=\"9\" rowspan=\"1\">\u00a0 \u00a0 13\/06 &#8211; 05\/09<\/td>\n<\/tr>\n<\/tbody>\n<\/table>\n<\/div>\n<div class=\"row\" style=\"text-align: justify;\">\n<div class=\"col-md-12 mb30\">\n<h4 class=\"submaintitle\">INFORMAZIONI<\/h4>\n<ul>\n<li>CONTATTACI\u00a0<a href=\"mailto:info@montestigliano.it\">info@montestigliano.it<\/a>\u00a0&#8211; Cell. +39 3408279065<\/li>\n<\/ul>\n<div class=\"spacer\"><\/div>\n<\/div>\n<\/div>\n<div class=\"row\">\n<div class=\"col-md-12 mb30\">\n<h4 class=\"submaintitle\" style=\"text-align: justify;\">CONDIZIONI<\/h4>\n<p>Al momento della prenotazione si richiede un acconto del 30% e il saldo 4 settimane prima dell\u2019arrivo.<\/p>\n<p>In caso di cancellazione l\u2019acconto verr\u00e0 restituito interamente solo nel caso in cui la casa venga riprenotata. Nel caso in cui non ci sia stato possibile rivenderla, La Montestigliano si riserva di tenere il deposito.<\/p>\n<p>Incoraggiamo fortemente gli agenti di viaggio a sollecitare gli ospiti a stipulare una qualche forma di assicurazione.<\/p>\n<p>Le prenotazioni sono generalmente ricevute su base settimanale da sabato a sabato, per maggiore flessibilit\u00e0 delle date \u00e8 consigliabile consultare la nostra disponibilit\u00e0 per le date richieste sul sito o chiedere informazioni\u00a0 scrivendo \u00a0a <a href=\"mailto:info@montestigliano.it\">info@montestigliano.it<\/a>.<\/p>\n<p>I prezzi sono comprensivi di biancheria e asciugamani \u2013 con un cambio settimanale della biancheria per soggiorni di pi\u00f9 di 7 giorni e la pulizia finale. L\u2019energia per l\u2019illuminazione e il gas per il riscaldamento sono inclusi nel prezzo.<\/p>\n<p>Wi-fi\u00a0 gratuito in tutti gli appartamenti e le aree comuni incluso le piscine.<\/p>\n<p>Su richiesta sono ammessi animali di piccola o media taglia.<\/p>\n<p>All\u2019interno \u00e8 vietato fumare.<\/p>\n<p>Le piscine sono aperte \u00a0dal 20\/05-31\/9 a seconda delle condizioni atmosferiche.<\/p>\n<p>Un deposito cauzionale di \u20ac500 verr\u00e0 trattenuto sulla vostra carta a titolo cauzionale al momento dell\u2019arrivo. Verr\u00e0 utilizzato solo in caso di danni, fatture non pagate o indennizzo per la pulizia extra.<\/p>\n<p>Per gruppi e solo su richiesta \u00e8 possibile organizzare prima colazione, \u00a0serate pizza, barbecue e cene tipiche toscane.<\/p>\n<p>Culle e seggioloni sono disponibili previa richiesta a 50 euro a settimana, da pagare direttamente alla reception.<\/p>\n<p>Letti singoli aggiunti sono disponibili previa richiesta a 50 euro a notte, da pagare direttamente alla reception.<\/p>\n<p>Check in tra le ore 17-20<\/p>\n<p>Check out alle 10<\/p>\n<p>Nel caso di un arrivo anticipato o di ritardo vi preghiamo di informarci contattando la nostra reception in orario d\u2019ufficio dalle 9:30 alle 18:30. Non abbiamo una reception aperta 24 ore al giorno, arrivi altre orario indicato per il check in devono essere comunicati per prendere accordi \u00a0per la consegna delle chiavi.<\/p>\n<\/div>\n<div><\/div>\n<div class=\"col-md-12 mb30\">Il pagamento pu\u00f2 essere effettuato con carta di credito, o tramite bonifico bancario utilizzando i seguenti dati: Banca: INTESA SANPAOLO<br \/>\nIndirizzo: Via Massetana Romana, 2, Siena (SI) 53100<br \/>\na\/c titolo: MONTESTIGLIANO S.R.L. SOCIET\u00c0 AGRICOLA a\/c: 1000 313<br \/>\nCodici bancari: ABI: 03069 CAB: 14226<br \/>\nSWIFT (BIC): BCITITMM<br \/>\nIBAN: IT35 N030 69142261 0000 0000 313<\/div>\n<\/div>\n<p>[\/vc_column_text][\/vc_column][\/vc_row]<\/p>\n","protected":false},"excerpt":{"rendered":"<p>[vc_row css=&#8221;.vc_custom_1587375347644{padding-top: 50px !important;padding-bottom: 50px !important;}&#8221;][vc_column][vc_empty_space height=&#8221;80px&#8221;][vc_empty_space height=&#8221;60px&#8221;][vc_column_text][\/vc_column_text][vc_empty_space height=&#8221;50px&#8221;][\/vc_column][\/vc_row][vc_row css=&#8221;.vc_custom_1587376292138{padding-bottom: 50px !important;}&#8221;][vc_column][vc_column_text] TASSA DI SOGGIORNO Vi informiamo che a partire dal 1 maggio 2013, il Comune di Sovicille ha introdotto una tassa di soggiorno. La tassa si applica ai non residenti per [&hellip;]<\/p>\n","protected":false},"author":99,"featured_media":7257,"parent":0,"menu_order":0,"comment_status":"closed","ping_status":"closed","template":"","meta":{"footnotes":""},"class_list":["post-1185","page","type-page","status-publish","has-post-thumbnail","hentry"],"yoast_head":"<!-- This site is optimized with the Yoast SEO plugin v24.3 - https:\/\/yoast.com\/wordpress\/plugins\/seo\/ -->\n<title>Prezzi e prenotazioni per il tuo soggiorno in agriturismo - Montestigliano<\/title>\n<meta name=\"description\" content=\"Verifica disponibilit\u00e0 e prezzi. Prenota un&#039;esclusiva vacanza, un evento o una cerimonia memorabile nel tuo agriturismo a Montestigliano. Contattaci.\" \/>\n<meta name=\"robots\" content=\"index, follow, max-snippet:-1, max-image-preview:large, max-video-preview:-1\" \/>\n<link rel=\"canonical\" href=\"https:\/\/www.montestigliano.com\/it\/prezzi-e-prenotazioni\/\" \/>\n<meta property=\"og:locale\" content=\"it_IT\" \/>\n<meta property=\"og:type\" content=\"article\" \/>\n<meta property=\"og:title\" content=\"Prezzi e prenotazioni per il tuo soggiorno in agriturismo - Montestigliano\" \/>\n<meta property=\"og:description\" content=\"Verifica disponibilit\u00e0 e prezzi. Prenota un&#039;esclusiva vacanza, un evento o una cerimonia memorabile nel tuo agriturismo a Montestigliano. Contattaci.\" \/>\n<meta property=\"og:url\" content=\"https:\/\/www.montestigliano.com\/it\/prezzi-e-prenotazioni\/\" \/>\n<meta property=\"og:site_name\" content=\"Montestigliano\" \/>\n<meta property=\"article:modified_time\" content=\"2025-12-09T12:41:00+00:00\" \/>\n<meta property=\"og:image\" content=\"https:\/\/www.montestigliano.com\/wp-content\/uploads\/2023\/01\/Prenotazioni-soggiorno-in-agriturismo-Toscana.jpg\" \/>\n\t<meta property=\"og:image:width\" content=\"600\" \/>\n\t<meta property=\"og:image:height\" content=\"400\" \/>\n\t<meta property=\"og:image:type\" content=\"image\/jpeg\" \/>\n<meta name=\"twitter:card\" content=\"summary_large_image\" \/>\n<meta name=\"twitter:label1\" content=\"Est. reading time\" \/>\n\t<meta name=\"twitter:data1\" content=\"3 minuti\" \/>\n<script type=\"application\/ld+json\" class=\"yoast-schema-graph\">{\"@context\":\"https:\/\/schema.org\",\"@graph\":[{\"@type\":\"WebPage\",\"@id\":\"https:\/\/www.montestigliano.com\/it\/prezzi-e-prenotazioni\/\",\"url\":\"https:\/\/www.montestigliano.com\/it\/prezzi-e-prenotazioni\/\",\"name\":\"Prezzi e prenotazioni per il tuo soggiorno in agriturismo - Montestigliano\",\"isPartOf\":{\"@id\":\"https:\/\/www.montestigliano.com\/it\/#website\"},\"primaryImageOfPage\":{\"@id\":\"https:\/\/www.montestigliano.com\/it\/prezzi-e-prenotazioni\/#primaryimage\"},\"image\":{\"@id\":\"https:\/\/www.montestigliano.com\/it\/prezzi-e-prenotazioni\/#primaryimage\"},\"thumbnailUrl\":\"https:\/\/www.montestigliano.com\/wp-content\/uploads\/2023\/01\/Prenotazioni-soggiorno-in-agriturismo-Toscana.jpg\",\"datePublished\":\"2018-05-07T05:21:37+00:00\",\"dateModified\":\"2025-12-09T12:41:00+00:00\",\"description\":\"Verifica disponibilit\u00e0 e prezzi. Prenota un'esclusiva vacanza, un evento o una cerimonia memorabile nel tuo agriturismo a Montestigliano. Contattaci.\",\"breadcrumb\":{\"@id\":\"https:\/\/www.montestigliano.com\/it\/prezzi-e-prenotazioni\/#breadcrumb\"},\"inLanguage\":\"it-IT\",\"potentialAction\":[{\"@type\":\"ReadAction\",\"target\":[\"https:\/\/www.montestigliano.com\/it\/prezzi-e-prenotazioni\/\"]}]},{\"@type\":\"ImageObject\",\"inLanguage\":\"it-IT\",\"@id\":\"https:\/\/www.montestigliano.com\/it\/prezzi-e-prenotazioni\/#primaryimage\",\"url\":\"https:\/\/www.montestigliano.com\/wp-content\/uploads\/2023\/01\/Prenotazioni-soggiorno-in-agriturismo-Toscana.jpg\",\"contentUrl\":\"https:\/\/www.montestigliano.com\/wp-content\/uploads\/2023\/01\/Prenotazioni-soggiorno-in-agriturismo-Toscana.jpg\",\"width\":600,\"height\":400,\"caption\":\"Prenotazioni soggiorno in agriturismo Toscana\"},{\"@type\":\"BreadcrumbList\",\"@id\":\"https:\/\/www.montestigliano.com\/it\/prezzi-e-prenotazioni\/#breadcrumb\",\"itemListElement\":[{\"@type\":\"ListItem\",\"position\":1,\"name\":\"Home\",\"item\":\"https:\/\/www.montestigliano.com\/it\/\"},{\"@type\":\"ListItem\",\"position\":2,\"name\":\"Prezzi e Prenotazioni\"}]},{\"@type\":\"WebSite\",\"@id\":\"https:\/\/www.montestigliano.com\/it\/#website\",\"url\":\"https:\/\/www.montestigliano.com\/it\/\",\"name\":\"Montestigliano\",\"description\":\"\",\"potentialAction\":[{\"@type\":\"SearchAction\",\"target\":{\"@type\":\"EntryPoint\",\"urlTemplate\":\"https:\/\/www.montestigliano.com\/it\/?s={search_term_string}\"},\"query-input\":{\"@type\":\"PropertyValueSpecification\",\"valueRequired\":true,\"valueName\":\"search_term_string\"}}],\"inLanguage\":\"it-IT\"}]}<\/script>\n<!-- \/ Yoast SEO plugin. -->","yoast_head_json":{"title":"Prezzi e prenotazioni per il tuo soggiorno in agriturismo - Montestigliano","description":"Verifica disponibilit\u00e0 e prezzi. Prenota un'esclusiva vacanza, un evento o una cerimonia memorabile nel tuo agriturismo a Montestigliano. Contattaci.","robots":{"index":"index","follow":"follow","max-snippet":"max-snippet:-1","max-image-preview":"max-image-preview:large","max-video-preview":"max-video-preview:-1"},"canonical":"https:\/\/www.montestigliano.com\/it\/prezzi-e-prenotazioni\/","og_locale":"it_IT","og_type":"article","og_title":"Prezzi e prenotazioni per il tuo soggiorno in agriturismo - Montestigliano","og_description":"Verifica disponibilit\u00e0 e prezzi. Prenota un'esclusiva vacanza, un evento o una cerimonia memorabile nel tuo agriturismo a Montestigliano. Contattaci.","og_url":"https:\/\/www.montestigliano.com\/it\/prezzi-e-prenotazioni\/","og_site_name":"Montestigliano","article_modified_time":"2025-12-09T12:41:00+00:00","og_image":[{"width":600,"height":400,"url":"https:\/\/www.montestigliano.com\/wp-content\/uploads\/2023\/01\/Prenotazioni-soggiorno-in-agriturismo-Toscana.jpg","type":"image\/jpeg"}],"twitter_card":"summary_large_image","twitter_misc":{"Est. reading time":"3 minuti"},"schema":{"@context":"https:\/\/schema.org","@graph":[{"@type":"WebPage","@id":"https:\/\/www.montestigliano.com\/it\/prezzi-e-prenotazioni\/","url":"https:\/\/www.montestigliano.com\/it\/prezzi-e-prenotazioni\/","name":"Prezzi e prenotazioni per il tuo soggiorno in agriturismo - Montestigliano","isPartOf":{"@id":"https:\/\/www.montestigliano.com\/it\/#website"},"primaryImageOfPage":{"@id":"https:\/\/www.montestigliano.com\/it\/prezzi-e-prenotazioni\/#primaryimage"},"image":{"@id":"https:\/\/www.montestigliano.com\/it\/prezzi-e-prenotazioni\/#primaryimage"},"thumbnailUrl":"https:\/\/www.montestigliano.com\/wp-content\/uploads\/2023\/01\/Prenotazioni-soggiorno-in-agriturismo-Toscana.jpg","datePublished":"2018-05-07T05:21:37+00:00","dateModified":"2025-12-09T12:41:00+00:00","description":"Verifica disponibilit\u00e0 e prezzi. Prenota un'esclusiva vacanza, un evento o una cerimonia memorabile nel tuo agriturismo a Montestigliano. Contattaci.","breadcrumb":{"@id":"https:\/\/www.montestigliano.com\/it\/prezzi-e-prenotazioni\/#breadcrumb"},"inLanguage":"it-IT","potentialAction":[{"@type":"ReadAction","target":["https:\/\/www.montestigliano.com\/it\/prezzi-e-prenotazioni\/"]}]},{"@type":"ImageObject","inLanguage":"it-IT","@id":"https:\/\/www.montestigliano.com\/it\/prezzi-e-prenotazioni\/#primaryimage","url":"https:\/\/www.montestigliano.com\/wp-content\/uploads\/2023\/01\/Prenotazioni-soggiorno-in-agriturismo-Toscana.jpg","contentUrl":"https:\/\/www.montestigliano.com\/wp-content\/uploads\/2023\/01\/Prenotazioni-soggiorno-in-agriturismo-Toscana.jpg","width":600,"height":400,"caption":"Prenotazioni soggiorno in agriturismo Toscana"},{"@type":"BreadcrumbList","@id":"https:\/\/www.montestigliano.com\/it\/prezzi-e-prenotazioni\/#breadcrumb","itemListElement":[{"@type":"ListItem","position":1,"name":"Home","item":"https:\/\/www.montestigliano.com\/it\/"},{"@type":"ListItem","position":2,"name":"Prezzi e Prenotazioni"}]},{"@type":"WebSite","@id":"https:\/\/www.montestigliano.com\/it\/#website","url":"https:\/\/www.montestigliano.com\/it\/","name":"Montestigliano","description":"","potentialAction":[{"@type":"SearchAction","target":{"@type":"EntryPoint","urlTemplate":"https:\/\/www.montestigliano.com\/it\/?s={search_term_string}"},"query-input":{"@type":"PropertyValueSpecification","valueRequired":true,"valueName":"search_term_string"}}],"inLanguage":"it-IT"}]}},"_links":{"self":[{"href":"https:\/\/www.montestigliano.com\/it\/wp-json\/wp\/v2\/pages\/1185","targetHints":{"allow":["GET"]}}],"collection":[{"href":"https:\/\/www.montestigliano.com\/it\/wp-json\/wp\/v2\/pages"}],"about":[{"href":"https:\/\/www.montestigliano.com\/it\/wp-json\/wp\/v2\/types\/page"}],"author":[{"embeddable":true,"href":"https:\/\/www.montestigliano.com\/it\/wp-json\/wp\/v2\/users\/99"}],"replies":[{"embeddable":true,"href":"https:\/\/www.montestigliano.com\/it\/wp-json\/wp\/v2\/comments?post=1185"}],"version-history":[{"count":29,"href":"https:\/\/www.montestigliano.com\/it\/wp-json\/wp\/v2\/pages\/1185\/revisions"}],"predecessor-version":[{"id":7913,"href":"https:\/\/www.montestigliano.com\/it\/wp-json\/wp\/v2\/pages\/1185\/revisions\/7913"}],"wp:featuredmedia":[{"embeddable":true,"href":"https:\/\/www.montestigliano.com\/it\/wp-json\/wp\/v2\/media\/7257"}],"wp:attachment":[{"href":"https:\/\/www.montestigliano.com\/it\/wp-json\/wp\/v2\/media?parent=1185"}],"curies":[{"name":"wp","href":"https:\/\/api.w.org\/{rel}","templated":true}]}}