{"id":3,"date":"2020-04-14T12:21:28","date_gmt":"2020-04-14T10:21:28","guid":{"rendered":"http:\/\/www.montestigliano.com\/?page_id=3"},"modified":"2020-09-22T16:53:20","modified_gmt":"2020-09-22T14:53:20","slug":"privacy-policy","status":"publish","type":"page","link":"https:\/\/www.montestigliano.com\/it\/privacy-policy\/","title":{"rendered":"Privacy Policy"},"content":{"rendered":"\r\n<p>Gentile Cliente,<\/p>\r\n<p>ai sensi della normativa vigente in materia di protezione dei dati personali (Reg. UE 2016\/679 \u2013 GDPR e D. Lgs. 196\/2003 e successive modificazioni ed integrazioni), desideriamo informarla che i trattamenti dei suoi dati personali sono effettuati con correttezza e trasparenza, per fini leciti e tutelando la sua riservatezza ed i suoi diritti. Pertanto, in adempimento alla citata normativa, ed in particolare nel rispetto dell\u2019art. 13 Reg. UE 2016\/679, le forniamo le seguenti informazioni:<\/p>\r\n<p><strong>Modalit\u00e0 del trattamento.<\/strong><\/p>\r\n<p>I \u00a0trattamenti \u00a0sono \u00a0effettuati \u00a0sia \u00a0mediante \u00a0mezzi \u00a0elettronici \u00a0(anche \u00a0attraverso \u00a0il \u00a0nostro \u00a0sito \u00a0web: www.montestigliano.it) che con l\u2019ausilio di mezzi cartacei per lo svolgimento delle prestazioni offerte.<\/p>\r\n<p><strong>N<\/strong><strong>atura dei dati trattati<\/strong>.<\/p>\r\n<p>Se si iscrive tra i nostri contatti o se richiede notizie o acquista i nostri prodotti, tratteremo i suoi dati anagrafici e fiscali, nonch\u00e9 i dati di natura economica che sono necessari per lo svolgimento dei rapporti tra lei e la nostra Azienda. Generalmente, non trattiamo alcun dato sensibile o giudiziario, ma nel caso ci\u00f2 si rendesse necessario lo faremo solo chiedendo prima il tuo consenso.<\/p>\r\n<p><strong>Finalit\u00e0 e modalit\u00e0 di svolgimento delle prestazioni<\/strong>.<\/p>\r\n<p>1) acquisire e confermare la sua prenotazione di servizi di alloggio e servizi accessori e fornire i servizi richiesti. Nella gestione dei pagamenti i suoi dati possono essere comunicati a soggetti terzi, bancari e finanziari. Nel caso di gestione di eventi, le pratiche SIAE sono svolte per conto dei clienti. Trattandosi di trattamenti necessari per la definizione dell\u2019accordo contrattuale e per la sua successiva attuazione, \u00a0non \u00a0\u00e8 \u00a0richiesto \u00a0il \u00a0suo \u00a0consenso, \u00a0tranne \u00a0nel \u00a0caso \u00a0in \u00a0cui \u00a0siano \u00a0conferiti \u00a0dati \u00a0appartenenti\u00a0 a particolari categorie, di cui all\u2019art. 9 Reg. UE 2016\/679. In caso di rifiuto a conferire i dati personali non potremo confermare la prenotazione o fornirle i servizi richiesti (art. 6, par. 1, lett. a) Reg. UE 2016\/679). Il trattamento cesser\u00e0 alla sua partenza, ma alcuni suoi dati personali potranno o dovranno continuare ad essere trattati per le finalit\u00e0 e con le modalit\u00e0 indicate nei punti successivi;<\/p>\r\n<p>2) comunicare alla Questura, per fini di pubblica sicurezza, le generalit\u00e0 dei clienti alloggiati, secondo le modalit\u00e0 stabilite dal Ministero dell\u2019Interno (Decreto 7 gennaio 2013) e inserimento dei dati sul sito\u00a0<em>ricestat\u00a0<\/em>come per legge. Il conferimento dei dati \u00e8 obbligatorio e non richiede il suo consenso (art. 6, par. 1, lett. c) Reg. UE 2016\/679), ed in caso di rifiuto a fornirli non potremo ospitarla nella nostra struttura;<\/p>\r\n<p>3) adempiere ai vigenti obblighi amministrativi, contabili e fiscali. Per tali finalit\u00e0 il trattamento \u00e8 effettuato senza necessit\u00e0 di acquisire il suo consenso (art. 6, par. 1, lett. c) Reg. UE 2016\/679). I dati sono trattati da noi e da nostri incaricati e vengono comunicati all\u2019esterno solo in adempimento ad obblighi di legge. In caso di rifiuto a conferire i dati necessari per gli adempimenti sopra indicati non potremo fornirle i servizi richie- sti. I dati acquisiti per tali finalit\u00e0 vengono da noi conservati per il tempo previsto dalla normativa vigente (10 anni e anche oltre in caso di accertamenti fiscali);<\/p>\r\n<p>4) accelerare le procedure di registrazione in caso di suoi successivi soggiorni presso la nostra struttura. Per tale finalit\u00e0, previa acquisizione del suo consenso, revocabile in qualsiasi momento, i suoi dati saranno con- servati per il periodo massimo di 5 anni e saranno utilizzati quando sar\u00e0 nuovamente nostro ospite, per le fi- nalit\u00e0 di cui ai punti precedenti;<\/p>\r\n<p>5) espletare la funzione di ricevimento di messaggi e telefonate a lei indirizzati durante il suo soggiorno. Per tale finalit\u00e0 \u00e8 necessario il suo consenso. Potr\u00e0 revocare il consenso in qualsiasi momento. Il trattamento ces- ser\u00e0 comunque alla sua partenza;<\/p>\r\n<p>6) inviarle nostri messaggi promozionali e aggiornamenti sulle tariffe e sulle offerte praticate. Per tale finali- t\u00e0, previa acquisizione del suo consenso, i suoi dati saranno conservati per il periodo massimo di 5 anni e non saranno comunicati a terzi. Potr\u00e0 revocare il consenso in qualsiasi momento;<\/p>\r\n<p>7) previo preventivo consenso, gestire le eventuali esigenze legate all\u2019accessibilit\u00e0, attraverso informazioni raccolte presso l\u2019interessato relative alla salute, con riferimento ad eventuali necessit\u00e0 fisiche (ad esempio in caso di mobilit\u00e0 limitata o di eventuali allergie\/intolleranze alimentari);<\/p>\r\n<p>8) nel caso di gestione di eventi, di regola i clienti hanno i loro fotografi, ma possono essere richiesti i con- sensi per effettuare fotografie e riprese da pubblicare sui social (Facebook, Instagram, YouTube e Twitter) per finalit\u00e0 pubblicitarie e promozionali;<\/p>\r\n<p>9) in taluni casi pu\u00f2 sussistere l\u2019interesse prevalente del titolare del trattamento, qualora, ad esempio, si versi in ipotesi di inadempimento contrattuale della controparte, tale da indurre il titolare a dar luogo a un proce- dimento per il recupero del credito. In tali ipotesi non \u00e8 necessario acquisire il suo consenso ai sensi dell\u2019art. 6, par. 1, lett. f) Reg. UE 2016\/679;<\/p>\r\n<p>10) I prodotti sono per la maggior parte venduti ai clienti dell\u2019Agriturismo. Previo accordo con il cliente, tal- volta i prodotti sono spediti a mezzo corriere. I dati sono sempre raccolti soltanto al fine dell\u2019emissione della fattura. Trattandosi di trattamenti necessari per la definizione dell\u2019accordo contrattuale e per la sua successi- va attuazione, non \u00e8 richiesto il suo consenso, tranne nel caso in cui siano conferiti dati appartenenti a parti- colari categorie, di cui all\u2019art. 9 Reg. UE 2016\/679.<\/p>\r\n<p><strong>D<\/strong><strong>urata del trattamento.<\/strong><\/p>\r\n<p>I dati sono trattati fino alla completa esecuzione della prestazione ed anche in seguito, in adempimento ad obblighi di legge e per finalit\u00e0 amministrative e commerciali.<\/p>\r\n<p><strong>D<\/strong><strong>ati volontariamente forniti dall\u2019interessato.<\/strong><\/p>\r\n<p>Nel caso in cui lei scelga di effettuare il pagamento in una delle forme previste (bonifico bancario, carte di credito, bancomat, assegni bancari e contanti), oltre ai dati richiesti nel form di contatto (nome, cognome, e- mail), \u00a0sar\u00e0 \u00a0tenuto \u00a0a \u00a0conferirci \u00a0tutti \u00a0i \u00a0dati \u00a0necessari \u00a0per \u00a0l\u2019espletamento \u00a0di \u00a0dette \u00a0pratiche. \u00a0La \u00a0mancata comunicazione anche di alcuni soltanto di questi dati rende impossibile l\u2019esecuzione della prestazione. L\u2019espresso e volontario invio di dati attraverso la compilazione e l\u2019invio di email agli indirizzi indicati sul nostro sito internet comporta la nostra successiva acquisizione dei medesimi dati. Tutti i dati richiesti (di regola, nome, cognome, numero telefonico, e-mail) sono per noi necessari per rispondere alle sue richieste e\/o \u00a0adempiere \u00a0alla \u00a0prestazione \u00a0che \u00a0ci \u00a0richiede. \u00a0Specifiche \u00a0informative \u00a0di \u00a0sintesi \u00a0sono \u00a0predisposte \u00a0e\/o visualizzate nelle singole pagine del sito adibite allo svolgimento dei particolari servizi a richiesta.<\/p>\r\n<p><strong>O<\/strong><strong>bbligo o facolt\u00e0 di conferimento dei dati e conseguenze dell\u2019eventuale rifiuto.<\/strong><\/p>\r\n<p>I dati sopra elencati (nome, cognome, e-mail) sono per noi necessari per poter giungere allo svolgimento delle prestazioni richieste: il loro mancato conferimento in tutto o in parte comporta, di conseguenza, l\u2019impossibilit\u00e0 di dar luogo all\u2019esecuzione della prestazione stessa. Nel corso della navigazione sul nostro sito, ovvero durante i suoi contatti telefonici o anche in caso di visita diretta, le pu\u00f2 essere richiesto di comunicarci anche ulteriori dati che non sono strettamente necessari per l\u2019adempimento \u00a0della \u00a0prestazione \u00a0principale \u00a0(offerta \u00a0dei \u00a0servizi \u00a0di \u00a0pernottamento \u00a0e soggiorno), \u00a0ma \u00a0lo diventano per la esecuzione di eventuali prestazioni accessorie (organizzazione di eventi o prestazione di altri servizi) che di volta in volta le verranno rappresentate. Il loro mancato conferimento viene valutato caso per caso, e determina le conseguenti decisioni secondo l\u2019importanza che riconosciamo ai dati richiesti ma da lei non forniti. Ogni volta che intendiamo proporle una prestazione accessoria le verranno descritte puntualmente le finalit\u00e0 specificamente perseguite e le verr\u00e0 richiesto espresso consenso. Il mancato conferimento dei dati richiesti per una specifica prestazione ovvero il mancato rilascio del relativo e \u00a0conseguente \u00a0consenso \u00a0al \u00a0loro \u00a0utilizzo \u00a0non \u00a0pregiudica \u00a0la \u00a0possibilit\u00e0 \u00a0di \u00a0richiedere e \u00a0acconsentire \u00a0alla prestazione di altri diversi servizi accessori (n\u00e9, tanto meno, impedisce od esclude la prestazione principale).<\/p>\r\n<p><strong>C<\/strong><strong>omunicazione e diffusione dei dati raccolti.<\/strong><\/p>\r\n<p>I dati raccolti, non sono da noi \u201cdiffusi\u201d, non ne \u00e8, in altri termini, data conoscenza a soggetti indeterminati in qualunque modo, anche mediante la loro messa a disposizione o consultazione; possono, per\u00f2, essere da noi \u201ccomunicati\u201d, cio\u00e8 di essi \u00e8 data conoscenza ad uno o pi\u00f9 soggetti determinati, in particolare a:<\/p>\r\n<p>\u2013 a soggetti che possono accedere ai dati in adempimento ad un obbligo di legge, nei limiti previsti dalla legge stessa;<\/p>\r\n<p>\u2013 l\u2019istituto creditizio e\/o finanziario, nel caso sia richiesto il pagamento a mezzo moneta elettronica;<\/p>\r\n<p>\u2013 le Aziende partner, nel caso si sia espresso consenso all\u2019invio di pubblicit\u00e0 e all\u2019effettuazione di marketing diretto da parte delle medesime;<\/p>\r\n<p>\u2013 le imprese a cui \u00e8 affidato il trasporto\/spedizione della merce.<\/p>\r\n<p><strong>I diritti dell\u2019interessato (articoli 13\/22 e 77\/79 del Regolamento UE 2016\/679)<\/strong><\/p>\r\n<p>Qualora l\u2019interessato intenda esercitare i diritti di cui agli artt. 13\/22 e 77\/79 Reg. EU 2016\/679 in relazione ai propri dati personali ovvero se ha altre domande o richieste anche sulla presente privacy policy, pu\u00f2 contattare il Titolare attraverso i recapiti indicati nel Sito o utilizzando i nostri recapiti:<\/p>\r\n<p><strong>T<\/strong><strong>it<\/strong><strong>o<\/strong><strong>l<\/strong><strong>are del Trattamento<\/strong>: \u00a0<strong>Montestigliano s.r.l.<\/strong>, in persona del legale rappresentante Massimo Donati sede legale:\u00a0\u00a0\u00a0\u00a0\u00a0\u00a0\u00a0\u00a0\u00a0\u00a0\u00a0\u00a0\u00a0\u00a0\u00a0\u00a0\u00a0\u00a0\u00a0\u00a0\u00a0\u00a0\u00a0\u00a0\u00a0\u00a0\u00a0\u00a0\u00a0\u00a0\u00a0\u00a0\u00a0\u00a0\u00a0\u00a0\u00a0\u00a0\u00a0\u00a0\u00a0\u00a0\u00a0\u00a0\u00a0\u00a0\u00a0\u00a0\u00a0\u00a0\u00a0\u00a0\u00a0\u00a0\u00a0 Via Montestigliano snc<\/p>\r\n<ol>\r\n<li>C e P.Iva: 00245000526<\/li>\r\n<\/ol>\r\n<p>Cellulare:\u00a0\u00a0\u00a0\u00a0\u00a0\u00a0\u00a0\u00a0\u00a0\u00a0\u00a0\u00a0\u00a0\u00a0\u00a0\u00a0\u00a0\u00a0\u00a0\u00a0\u00a0\u00a0\u00a0\u00a0\u00a0\u00a0\u00a0\u00a0 \u00a0+39 3408279065<\/p>\r\n<p>e-mail:\u00a0\u00a0\u00a0\u00a0\u00a0\u00a0\u00a0\u00a0\u00a0\u00a0\u00a0\u00a0\u00a0\u00a0\u00a0\u00a0\u00a0\u00a0\u00a0\u00a0\u00a0\u00a0\u00a0\u00a0\u00a0\u00a0\u00a0\u00a0\u00a0\u00a0\u00a0\u00a0 \u00a0<a href=\"mailto:info@montestigliano.it\">info@montestigliano.it<\/a><\/p>\r\n<p>Il Titolare del trattamento si dichiara disponibile a soddisfare le richieste dell\u2019interessato, tuttavia si avverte che non sempre \u00e8 possibile materialmente cancellare informazioni relative ad interazioni intervenute ed eventuali transazioni e\/o prenotazioni passate. Gli interessati possono esercitare determinati diritti con riferimento ai Dati trattati dal Titolare. In particolare, l\u2019interessato ha il diritto di:<\/p>\r\n<p><u>r<\/u><u>evocare il consenso in ogni momento<\/u>. L\u2019interessato pu\u00f2 sempre revocare il consenso al trattamento dei propri Dati Personali precedentemente espresso (art. 13, par. 2, lett. c) Reg. UE 2016\/679);<\/p>\r\n<p><u>opporsi al trattamento dei propri Dati<\/u>. L\u2019interessato pu\u00f2 opporsi al trattamento dei propri dati nelle ipotesi di cui all\u2019art. 21 Reg. UE 2016\/679;<\/p>\r\n<p><u>accedere ai propri Dati<\/u>. L\u2019interessato ha diritto ad ottenere informazioni sui Dati trattati dal Titolare, su determinati aspetti del trattamento ed a ricevere una copia dei Dati trattati (art. 15 Reg. UE 2016\/679);<\/p>\r\n<p><u>v<\/u><u>erificare e chiedere la rettificazione<\/u>. L\u2019interessato pu\u00f2 verificare la correttezza dei propri Dati e richiederne l\u2019aggiornamento o la correzione (art. 16 Reg. UE 2016\/679);<\/p>\r\n<p><u>ottenere la limitazione del trattamento<\/u>. Quando ricorrono determinate condizioni, l\u2019interessato pu\u00f2 richiedere la limitazione del trattamento dei propri Dati. In tal caso non tratteremo i dati per alcun altro scopo se non la loro conservazione (art. 18 Reg. UE 2016\/679);<\/p>\r\n<p><u>ottenere la cancellazione o rimozione dei propri Dati Personali<\/u>. Quando ricorrono determinate condizioni, l\u2019interessato pu\u00f2 richiedere la cancellazione dei propri Dati da parte del Titolare (art. 17 Reg. UE 2016\/679).<\/p>\r\n<p>In questi casi provvederemo senz\u2019altro alla cancellazione nei tempi pi\u00f9 brevi\u00a0<u>ri<\/u><u>c<\/u><u>e<\/u><u>v<\/u><u>ere i propri Dati o farli trasferire ad altro titolare (portabilit\u00e0 dei dati)<\/u>. L\u2019interessato ha diritto di ricevere i propri Dati in formato strutturato, di uso comune e leggibile da dispositivo automatico e, ove tecnicamente<\/p>\r\n<p>fattibile, di ottenerne il trasferimento senza ostacoli ad un altro titolare. Questa disposizione \u00e8 applicabile quando \u00a0i \u00a0Dati \u00a0sono \u00a0trattati \u00a0con \u00a0strumenti \u00a0automatizzati \u00a0ed \u00a0il \u00a0trattamento \u00a0\u00e8 \u00a0basato \u00a0sul \u00a0consenso dell\u2019interessato, su un contratto di cui l\u2019interessato \u00e8 parte o su misure contrattuali ad esso connesse (art. 20 Reg. UE 2016\/679);\u00a0<u>non \u00a0essere \u00a0sottoposto \u00a0a \u00a0una \u00a0decisione \u00a0basata \u00a0unicamente \u00a0su \u00a0trattamenti \u00a0automatizzati<\/u>, \u00a0compresa \u00a0la profilazione, nei casi in cui l\u2019esercizio del diritto \u00e8 consentito (art. 22 Reg. UE 2016\/679);<\/p>\r\n<p><u>proporre reclamo<\/u>. L\u2019Interessato pu\u00f2 proporre un reclamo all\u2019autorit\u00e0 di controllo della protezione dei dati personali competente (art. 77 Reg. UE 2016\/679);<\/p>\r\n<p><u>agire in sede giudiziale<\/u>\u00a0(art. 79 Reg. UE 2016\/679).<\/p>\r\n","protected":false},"excerpt":{"rendered":"<p>Gentile Cliente, ai sensi della normativa vigente in materia di protezione dei dati personali (Reg. UE 2016\/679 \u2013 GDPR e D. Lgs. 196\/2003 e successive modificazioni ed integrazioni), desideriamo informarla che i trattamenti dei suoi dati personali sono effettuati con correttezza e [&hellip;]<\/p>\n","protected":false},"author":99,"featured_media":0,"parent":0,"menu_order":0,"comment_status":"closed","ping_status":"open","template":"","meta":{"footnotes":""},"class_list":["post-3","page","type-page","status-publish","hentry"],"yoast_head":"<!-- This site is optimized with the Yoast SEO plugin v24.3 - https:\/\/yoast.com\/wordpress\/plugins\/seo\/ -->\n<title>Privacy Policy - Montestigliano<\/title>\n<meta name=\"robots\" content=\"index, follow, max-snippet:-1, max-image-preview:large, max-video-preview:-1\" \/>\n<link rel=\"canonical\" href=\"https:\/\/www.montestigliano.com\/it\/privacy-policy\/\" \/>\n<meta property=\"og:locale\" content=\"it_IT\" \/>\n<meta property=\"og:type\" content=\"article\" \/>\n<meta property=\"og:title\" content=\"Privacy Policy - Montestigliano\" \/>\n<meta property=\"og:description\" content=\"Gentile Cliente, ai sensi della normativa vigente in materia di protezione dei dati personali (Reg. UE 2016\/679 \u2013 GDPR e D. Lgs. 196\/2003 e successive modificazioni ed integrazioni), desideriamo informarla che i trattamenti dei suoi dati personali sono effettuati con correttezza e [&hellip;]\" \/>\n<meta property=\"og:url\" content=\"https:\/\/www.montestigliano.com\/it\/privacy-policy\/\" \/>\n<meta property=\"og:site_name\" content=\"Montestigliano\" \/>\n<meta property=\"article:modified_time\" content=\"2020-09-22T14:53:20+00:00\" \/>\n<meta name=\"twitter:card\" content=\"summary_large_image\" \/>\n<meta name=\"twitter:label1\" content=\"Est. reading time\" \/>\n\t<meta name=\"twitter:data1\" content=\"9 minuti\" \/>\n<script type=\"application\/ld+json\" class=\"yoast-schema-graph\">{\"@context\":\"https:\/\/schema.org\",\"@graph\":[{\"@type\":\"WebPage\",\"@id\":\"https:\/\/www.montestigliano.com\/it\/privacy-policy\/\",\"url\":\"https:\/\/www.montestigliano.com\/it\/privacy-policy\/\",\"name\":\"Privacy Policy - Montestigliano\",\"isPartOf\":{\"@id\":\"https:\/\/www.montestigliano.com\/it\/#website\"},\"datePublished\":\"2020-04-14T10:21:28+00:00\",\"dateModified\":\"2020-09-22T14:53:20+00:00\",\"breadcrumb\":{\"@id\":\"https:\/\/www.montestigliano.com\/it\/privacy-policy\/#breadcrumb\"},\"inLanguage\":\"it-IT\",\"potentialAction\":[{\"@type\":\"ReadAction\",\"target\":[\"https:\/\/www.montestigliano.com\/it\/privacy-policy\/\"]}]},{\"@type\":\"BreadcrumbList\",\"@id\":\"https:\/\/www.montestigliano.com\/it\/privacy-policy\/#breadcrumb\",\"itemListElement\":[{\"@type\":\"ListItem\",\"position\":1,\"name\":\"Home\",\"item\":\"https:\/\/www.montestigliano.com\/it\/\"},{\"@type\":\"ListItem\",\"position\":2,\"name\":\"Privacy Policy\"}]},{\"@type\":\"WebSite\",\"@id\":\"https:\/\/www.montestigliano.com\/it\/#website\",\"url\":\"https:\/\/www.montestigliano.com\/it\/\",\"name\":\"Montestigliano\",\"description\":\"\",\"potentialAction\":[{\"@type\":\"SearchAction\",\"target\":{\"@type\":\"EntryPoint\",\"urlTemplate\":\"https:\/\/www.montestigliano.com\/it\/?s={search_term_string}\"},\"query-input\":{\"@type\":\"PropertyValueSpecification\",\"valueRequired\":true,\"valueName\":\"search_term_string\"}}],\"inLanguage\":\"it-IT\"}]}<\/script>\n<!-- \/ Yoast SEO plugin. -->","yoast_head_json":{"title":"Privacy Policy - Montestigliano","robots":{"index":"index","follow":"follow","max-snippet":"max-snippet:-1","max-image-preview":"max-image-preview:large","max-video-preview":"max-video-preview:-1"},"canonical":"https:\/\/www.montestigliano.com\/it\/privacy-policy\/","og_locale":"it_IT","og_type":"article","og_title":"Privacy Policy - Montestigliano","og_description":"Gentile Cliente, ai sensi della normativa vigente in materia di protezione dei dati personali (Reg. UE 2016\/679 \u2013 GDPR e D. Lgs. 196\/2003 e successive modificazioni ed integrazioni), desideriamo informarla che i trattamenti dei suoi dati personali sono effettuati con correttezza e [&hellip;]","og_url":"https:\/\/www.montestigliano.com\/it\/privacy-policy\/","og_site_name":"Montestigliano","article_modified_time":"2020-09-22T14:53:20+00:00","twitter_card":"summary_large_image","twitter_misc":{"Est. reading time":"9 minuti"},"schema":{"@context":"https:\/\/schema.org","@graph":[{"@type":"WebPage","@id":"https:\/\/www.montestigliano.com\/it\/privacy-policy\/","url":"https:\/\/www.montestigliano.com\/it\/privacy-policy\/","name":"Privacy Policy - Montestigliano","isPartOf":{"@id":"https:\/\/www.montestigliano.com\/it\/#website"},"datePublished":"2020-04-14T10:21:28+00:00","dateModified":"2020-09-22T14:53:20+00:00","breadcrumb":{"@id":"https:\/\/www.montestigliano.com\/it\/privacy-policy\/#breadcrumb"},"inLanguage":"it-IT","potentialAction":[{"@type":"ReadAction","target":["https:\/\/www.montestigliano.com\/it\/privacy-policy\/"]}]},{"@type":"BreadcrumbList","@id":"https:\/\/www.montestigliano.com\/it\/privacy-policy\/#breadcrumb","itemListElement":[{"@type":"ListItem","position":1,"name":"Home","item":"https:\/\/www.montestigliano.com\/it\/"},{"@type":"ListItem","position":2,"name":"Privacy Policy"}]},{"@type":"WebSite","@id":"https:\/\/www.montestigliano.com\/it\/#website","url":"https:\/\/www.montestigliano.com\/it\/","name":"Montestigliano","description":"","potentialAction":[{"@type":"SearchAction","target":{"@type":"EntryPoint","urlTemplate":"https:\/\/www.montestigliano.com\/it\/?s={search_term_string}"},"query-input":{"@type":"PropertyValueSpecification","valueRequired":true,"valueName":"search_term_string"}}],"inLanguage":"it-IT"}]}},"_links":{"self":[{"href":"https:\/\/www.montestigliano.com\/it\/wp-json\/wp\/v2\/pages\/3","targetHints":{"allow":["GET"]}}],"collection":[{"href":"https:\/\/www.montestigliano.com\/it\/wp-json\/wp\/v2\/pages"}],"about":[{"href":"https:\/\/www.montestigliano.com\/it\/wp-json\/wp\/v2\/types\/page"}],"author":[{"embeddable":true,"href":"https:\/\/www.montestigliano.com\/it\/wp-json\/wp\/v2\/users\/99"}],"replies":[{"embeddable":true,"href":"https:\/\/www.montestigliano.com\/it\/wp-json\/wp\/v2\/comments?post=3"}],"version-history":[{"count":3,"href":"https:\/\/www.montestigliano.com\/it\/wp-json\/wp\/v2\/pages\/3\/revisions"}],"predecessor-version":[{"id":5183,"href":"https:\/\/www.montestigliano.com\/it\/wp-json\/wp\/v2\/pages\/3\/revisions\/5183"}],"wp:attachment":[{"href":"https:\/\/www.montestigliano.com\/it\/wp-json\/wp\/v2\/media?parent=3"}],"curies":[{"name":"wp","href":"https:\/\/api.w.org\/{rel}","templated":true}]}}